{"id":1142,"date":"2025-02-19T12:11:41","date_gmt":"2025-02-19T15:11:41","guid":{"rendered":"https:\/\/sansebastiandecolina.cl\/?post_type=project&#038;p=1142"},"modified":"2026-04-25T17:07:10","modified_gmt":"2026-04-25T20:07:10","slug":"horarios-2025","status":"publish","type":"project","link":"https:\/\/sansebastiandecolina.cl\/index.php\/project\/horarios-2025\/","title":{"rendered":"Horarios 2025"},"content":{"rendered":"<p style=\"text-align: center;\">Horarios preescolar<\/p>\n<table style=\"border-collapse: collapse; width: 100%;\" border=\"1\">\n<tbody>\n<tr>\n<td style=\"width: 50%; text-align: left;\"><a href=\"https:\/\/sansebastiandecolina.cl\/wp-content\/uploads\/2025\/02\/2025HPKA.pdf\">Prekinder A<\/a><\/td>\n<td style=\"width: 50%;\"><a href=\"https:\/\/sansebastiandecolina.cl\/wp-content\/uploads\/2025\/02\/2025HPKB.pdf\" target=\"_blank\" rel=\"attachment noopener wp-att-130\">Prekinder B<\/a><\/td>\n<\/tr>\n<tr>\n<td style=\"width: 50%;\"><a href=\"https:\/\/sansebastiandecolina.cl\/wp-content\/uploads\/2025\/02\/2025HKA.pdf\" target=\"_blank\" rel=\"attachment noopener wp-att-131\">Kinder A<\/a><\/td>\n<td style=\"width: 50%;\"><a href=\"https:\/\/sansebastiandecolina.cl\/wp-content\/uploads\/2025\/02\/2025HKB.pdf\" target=\"_blank\" rel=\"attachment noopener wp-att-132\">Kinder B<\/a><\/td>\n<\/tr>\n<\/tbody>\n<\/table>\n<p style=\"text-align: center;\">Horarios b\u00e1sica<\/p>\n<table style=\"border-collapse: collapse; width: 100%; height: 192px;\" border=\"1\">\n<tbody>\n<tr style=\"height: 24px;\">\n<td style=\"width: 50%; height: 24px;\"><a href=\"https:\/\/sansebastiandecolina.cl\/wp-content\/uploads\/2025\/02\/2025H1A.pdf\" target=\"_blank\" rel=\"attachment noopener wp-att-113\">Primero A<\/a><\/td>\n<td style=\"width: 50%; height: 24px;\"><a href=\"https:\/\/sansebastiandecolina.cl\/wp-content\/uploads\/2025\/02\/2025H1B.pdf\" target=\"_blank\" rel=\"attachment noopener wp-att-114\">Primero B<\/a><\/td>\n<\/tr>\n<tr style=\"height: 24px;\">\n<td style=\"width: 50%; height: 24px;\"><a href=\"https:\/\/sansebastiandecolina.cl\/wp-content\/uploads\/2025\/02\/2025H2A.pdf\" target=\"_blank\" rel=\"attachment noopener wp-att-115\">Segundo A<\/a><\/td>\n<td style=\"width: 50%; height: 24px;\"><a href=\"https:\/\/sansebastiandecolina.cl\/wp-content\/uploads\/2025\/02\/2025H2B.pdf\" target=\"_blank\" rel=\"attachment noopener wp-att-116\">Segundo B<\/a><\/td>\n<\/tr>\n<tr style=\"height: 24px;\">\n<td style=\"width: 50%; height: 24px;\"><a href=\"https:\/\/sansebastiandecolina.cl\/wp-content\/uploads\/2025\/02\/2025H3A.pdf\" target=\"_blank\" rel=\"attachment noopener wp-att-117\">Tercero A<\/a><\/td>\n<td style=\"width: 50%; height: 24px;\"><a href=\"https:\/\/sansebastiandecolina.cl\/wp-content\/uploads\/2025\/02\/2025H3B.pdf\" target=\"_blank\" rel=\"attachment noopener wp-att-118\">Tercero B<\/a><\/td>\n<\/tr>\n<tr style=\"height: 24px;\">\n<td style=\"width: 50%; height: 24px;\"><a href=\"https:\/\/sansebastiandecolina.cl\/wp-content\/uploads\/2025\/02\/2025H4A.pdf\" target=\"_blank\" rel=\"attachment noopener wp-att-119\">Cuarto A<\/a><\/td>\n<td style=\"width: 50%; height: 24px;\"><a href=\"https:\/\/sansebastiandecolina.cl\/wp-content\/uploads\/2025\/02\/2025H4B.pdf\" target=\"_blank\" rel=\"attachment noopener wp-att-120\">Cuarto B<\/a><\/td>\n<\/tr>\n<tr style=\"height: 24px;\">\n<td style=\"width: 50%; height: 24px;\"><a href=\"https:\/\/sansebastiandecolina.cl\/wp-content\/uploads\/2025\/03\/2025H5A.pdf\" target=\"_blank\" rel=\"attachment noopener wp-att-121\">Quinto A<\/a><\/td>\n<td style=\"width: 50%; height: 24px;\"><a href=\"https:\/\/sansebastiandecolina.cl\/wp-content\/uploads\/2025\/02\/2025H5B.pdf\" target=\"_blank\" rel=\"attachment noopener wp-att-122\">Quinto B<\/a><\/td>\n<\/tr>\n<tr style=\"height: 24px;\">\n<td style=\"width: 50%; height: 24px;\"><a href=\"https:\/\/sansebastiandecolina.cl\/wp-content\/uploads\/2025\/02\/2025H6A.pdf\" target=\"_blank\" rel=\"attachment noopener wp-att-123\">Sexto A<\/a><\/td>\n<td style=\"width: 50%; height: 24px;\"><a href=\"https:\/\/sansebastiandecolina.cl\/wp-content\/uploads\/2025\/02\/2025H6B.pdf\" target=\"_blank\" rel=\"attachment noopener wp-att-124\">Sexto B<\/a><\/td>\n<\/tr>\n<tr style=\"height: 24px;\">\n<td style=\"width: 50%; height: 24px;\"><a href=\"https:\/\/sansebastiandecolina.cl\/wp-content\/uploads\/2025\/02\/2025H7A.pdf\" target=\"_blank\" rel=\"attachment noopener wp-att-125\">S\u00e9ptimo A<\/a><\/td>\n<td style=\"width: 50%; height: 24px;\"><a href=\"https:\/\/sansebastiandecolina.cl\/wp-content\/uploads\/2025\/02\/2025H7B.pdf\" target=\"_blank\" rel=\"attachment noopener wp-att-126\">S\u00e9ptimo B<\/a><\/td>\n<\/tr>\n<tr style=\"height: 24px;\">\n<td style=\"width: 50%; height: 24px;\"><a href=\"https:\/\/sansebastiandecolina.cl\/wp-content\/uploads\/2025\/02\/2025H8A.pdf\" target=\"_blank\" rel=\"attachment noopener wp-att-127\">Octavo A<\/a><\/td>\n<td style=\"width: 50%; height: 24px;\"><span style=\"text-align: center;\"><a href=\"https:\/\/sansebastiandecolina.cl\/wp-content\/uploads\/2025\/02\/2025H8B.pdf\" target=\"_blank\" rel=\"attachment noopener wp-att-128\">Octavo B<\/a><\/span><\/td>\n<\/tr>\n<\/tbody>\n<\/table>\n<p style=\"text-align: center;\">Horarios media<\/p>\n<table style=\"border-collapse: collapse; width: 100%;\" border=\"1\">\n<tbody>\n<tr>\n<td style=\"width: 50%;\"><a href=\"https:\/\/sansebastiandecolina.cl\/wp-content\/uploads\/2025\/02\/2025HIA.pdf\" target=\"_blank\" rel=\"attachment noopener wp-att-129\">Primero medio A<\/a><\/td>\n<td style=\"width: 50%;\"><a href=\"https:\/\/sansebastiandecolina.cl\/wp-content\/uploads\/2025\/02\/2025HIB.pdf\" target=\"_blank\" rel=\"attachment noopener wp-att-130\">Primero medio B<\/a><\/td>\n<\/tr>\n<tr>\n<td style=\"width: 50%;\"><a href=\"https:\/\/sansebastiandecolina.cl\/wp-content\/uploads\/2025\/02\/2025HIIA.pdf\" target=\"_blank\" rel=\"attachment noopener wp-att-131\">Segundo medio A<\/a><\/td>\n<td style=\"width: 50%;\"><a href=\"https:\/\/sansebastiandecolina.cl\/wp-content\/uploads\/2025\/02\/2025HIIB.pdf\" target=\"_blank\" rel=\"attachment noopener wp-att-132\">Segundo medio B<\/a><\/td>\n<\/tr>\n<tr>\n<td style=\"width: 50%;\"><a href=\"https:\/\/sansebastiandecolina.cl\/wp-content\/uploads\/2025\/02\/2025HIIIA.pdf\" target=\"_blank\" rel=\"attachment noopener wp-att-133\">Tercero medio A<\/a><\/td>\n<td style=\"width: 50%;\"><a href=\"https:\/\/sansebastiandecolina.cl\/wp-content\/uploads\/2025\/02\/2025HIIIB.pdf\" target=\"_blank\" rel=\"attachment noopener wp-att-134\">Tercero medio B<\/a><\/td>\n<\/tr>\n<tr>\n<td style=\"width: 50%;\"><a href=\"https:\/\/sansebastiandecolina.cl\/wp-content\/uploads\/2025\/02\/2025HIVA.pdf\" target=\"_blank\" rel=\"attachment noopener wp-att-135\">Cuatro medio A<\/a><\/td>\n<td style=\"width: 50%;\"><a href=\"https:\/\/sansebastiandecolina.cl\/wp-content\/uploads\/2025\/02\/2025HIVB.pdf\" target=\"_blank\" rel=\"attachment noopener wp-att-136\">Cuatro medio B<\/a><\/td>\n<\/tr>\n<\/tbody>\n<\/table>\n","protected":false},"excerpt":{"rendered":"<p>Horarios preescolar Prekinder A Prekinder B Kinder A Kinder B Horarios b\u00e1sica Primero A Primero B Segundo A Segundo B Tercero A Tercero B Cuarto A Cuarto B Quinto A Quinto B Sexto A Sexto B S\u00e9ptimo A S\u00e9ptimo B Octavo A Octavo B Horarios media Primero medio A Primero medio B Segundo medio A [&hellip;]<\/p>\n","protected":false},"author":1,"featured_media":0,"comment_status":"closed","ping_status":"closed","template":"","meta":{"footnotes":""},"project_category":[14,15,13],"project_tag":[],"class_list":["post-1142","project","type-project","status-publish","hentry","project_category-basica","project_category-media","project_category-preescolar"],"_links":{"self":[{"href":"https:\/\/sansebastiandecolina.cl\/index.php\/wp-json\/wp\/v2\/project\/1142","targetHints":{"allow":["GET"]}}],"collection":[{"href":"https:\/\/sansebastiandecolina.cl\/index.php\/wp-json\/wp\/v2\/project"}],"about":[{"href":"https:\/\/sansebastiandecolina.cl\/index.php\/wp-json\/wp\/v2\/types\/project"}],"author":[{"embeddable":true,"href":"https:\/\/sansebastiandecolina.cl\/index.php\/wp-json\/wp\/v2\/users\/1"}],"replies":[{"embeddable":true,"href":"https:\/\/sansebastiandecolina.cl\/index.php\/wp-json\/wp\/v2\/comments?post=1142"}],"version-history":[{"count":8,"href":"https:\/\/sansebastiandecolina.cl\/index.php\/wp-json\/wp\/v2\/project\/1142\/revisions"}],"predecessor-version":[{"id":2233,"href":"https:\/\/sansebastiandecolina.cl\/index.php\/wp-json\/wp\/v2\/project\/1142\/revisions\/2233"}],"wp:attachment":[{"href":"https:\/\/sansebastiandecolina.cl\/index.php\/wp-json\/wp\/v2\/media?parent=1142"}],"wp:term":[{"taxonomy":"project_category","embeddable":true,"href":"https:\/\/sansebastiandecolina.cl\/index.php\/wp-json\/wp\/v2\/project_category?post=1142"},{"taxonomy":"project_tag","embeddable":true,"href":"https:\/\/sansebastiandecolina.cl\/index.php\/wp-json\/wp\/v2\/project_tag?post=1142"}],"curies":[{"name":"wp","href":"https:\/\/api.w.org\/{rel}","templated":true}]}}